{"id":1875,"date":"2024-04-23T09:00:26","date_gmt":"2024-04-23T09:00:26","guid":{"rendered":"https:\/\/schmidt-bender.hu\/szerelt-optikak\/"},"modified":"2025-02-06T08:23:15","modified_gmt":"2025-02-06T08:23:15","slug":"szerelt-optikak","status":"publish","type":"page","link":"https:\/\/schmidt-bender.hu\/en\/szerelt-optikak\/","title":{"rendered":"Szerelt optik\u00e1k"},"content":{"rendered":"\t\t<div data-elementor-type=\"wp-page\" data-elementor-id=\"1875\" class=\"elementor elementor-1875 elementor-642\" data-elementor-post-type=\"page\">\n\t\t\t\t<div class=\"elementor-element elementor-element-85130ab e-flex e-con-boxed e-con e-parent\" data-id=\"85130ab\" data-element_type=\"container\">\n\t\t\t\t\t<div class=\"e-con-inner\">\n\t\t<div class=\"elementor-element elementor-element-dc1e6d8 e-flex e-con-boxed e-con e-child\" data-id=\"dc1e6d8\" data-element_type=\"container\">\n\t\t\t\t\t<div class=\"e-con-inner\">\n\t\t\t\t<div class=\"elementor-element elementor-element-55897c1 elementor-widget elementor-widget-text-editor\" data-id=\"55897c1\" data-element_type=\"widget\" data-widget_type=\"text-editor.default\">\n\t\t\t\t<div class=\"elementor-widget-container\">\n\t\t\t\t\t\t\t\t\t<p>Szereld\u00e9nk \u00e1ltal lehet\u0151s\u00e9g\u00fcnk ny\u00edlt az optikai gy\u00e1rt\u00e1s tov\u00e1bbgondol\u00e1s\u00e1ra. Ipari, eg\u00e9szs\u00e9g\u00fcgyi, \u00e9s tudom\u00e1nyos felhaszn\u00e1l\u00e1sra szerel\u00fcnk \u00f6ssze optomechanikai berendez\u00e9seket, flow-line koncepci\u00f3j\u00fa m\u0171hely\u00fcnkben. K\u00e9pzett g\u00e9p\u00e9szm\u00e9rn\u00f6keink \u00e9s optikusaink elk\u00f6telezettek a prec\u00edz, min\u0151s\u00e9gi kivitelez\u00e9s mellett. Kapacit\u00e1sunk b\u0151v\u00edt\u00e9se \u00e9rdek\u00e9ben nemr\u00e9giben \u00faj, korszer\u0171 gy\u00e1rt\u00f3\u00fczemet nyitottunk Tenken.<\/p><p>Az optikai elemet szak\u00e9rtelemmel illesztj\u00fck az \u00f6n \u00e1ltal k\u00e9rt berendez\u00e9sbe, fokozottan \u00fcgyelve a tisztas\u00e1gra, \u00e9s a ragaszt\u00e1sra az \u00f6sszeszerel\u00e9skor.<\/p><p>B\u00e1tran fordulhat hozz\u00e1nk, szereld\u00e9nk garant\u00e1ltan magas sz\u00ednvonalon fogja megval\u00f3s\u00edtani egyedi ig\u00e9nyeit.<\/p>\t\t\t\t\t\t\t\t<\/div>\n\t\t\t\t<\/div>\n\t\t\t\t\t<\/div>\n\t\t\t\t<\/div>\n\t\t\t\t\t<\/div>\n\t\t\t\t<\/div>\n\t\t<div class=\"elementor-element elementor-element-9cd9df0 e-flex e-con-boxed e-con e-parent\" data-id=\"9cd9df0\" data-element_type=\"container\">\n\t\t\t\t\t<div class=\"e-con-inner\">\n\t\t<div class=\"elementor-element elementor-element-dcad4a1 e-con-full e-flex e-con e-child\" data-id=\"dcad4a1\" data-element_type=\"container\">\n\t\t\t\t<div class=\"elementor-element elementor-element-4c62553 elementor-widget elementor-widget-heading\" data-id=\"4c62553\" data-element_type=\"widget\" data-widget_type=\"heading.default\">\n\t\t\t\t<div class=\"elementor-widget-container\">\n\t\t\t\t\t<h2 class=\"elementor-heading-title elementor-size-default\"><a href=\"https:\/\/schmidt-bender.hu\/szerelt-optikak\/tervezesi-projektek\/\">Tervez\u00e9si projektek<\/a><\/h2>\t\t\t\t<\/div>\n\t\t\t\t<\/div>\n\t\t\t\t<div class=\"elementor-element elementor-element-cbbdf4a elementor-widget elementor-widget-image\" data-id=\"cbbdf4a\" data-element_type=\"widget\" data-widget_type=\"image.default\">\n\t\t\t\t<div class=\"elementor-widget-container\">\n\t\t\t\t\t\t\t\t\t\t\t\t\t\t\t\t<a href=\"https:\/\/schmidt-bender.hu\/szerelt-optikak\/tervezesi-projektek\/\">\n\t\t\t\t\t\t\t<img fetchpriority=\"high\" decoding=\"async\" width=\"800\" height=\"534\" src=\"https:\/\/schmidt-bender.hu\/wp-content\/uploads\/2024\/05\/CK3A2118-1024x683.jpg\" class=\"elementor-animation-grow attachment-large size-large wp-image-1341\" alt=\"Schmidt Bender Hung\u00e1ria Tervez\u00e9si projektek\" srcset=\"https:\/\/schmidt-bender.hu\/wp-content\/uploads\/2024\/05\/CK3A2118-1024x683.jpg 1024w, https:\/\/schmidt-bender.hu\/wp-content\/uploads\/2024\/05\/CK3A2118-300x200.jpg 300w, https:\/\/schmidt-bender.hu\/wp-content\/uploads\/2024\/05\/CK3A2118-768x512.jpg 768w, https:\/\/schmidt-bender.hu\/wp-content\/uploads\/2024\/05\/CK3A2118-1536x1024.jpg 1536w, https:\/\/schmidt-bender.hu\/wp-content\/uploads\/2024\/05\/CK3A2118.jpg 1920w\" sizes=\"(max-width: 800px) 100vw, 800px\" \/>\t\t\t\t\t\t\t\t<\/a>\n\t\t\t\t\t\t\t\t\t\t\t\t\t\t\t<\/div>\n\t\t\t\t<\/div>\n\t\t\t\t<div class=\"elementor-element elementor-element-e4f80ec elementor-align-justify elementor-widget elementor-widget-button\" data-id=\"e4f80ec\" data-element_type=\"widget\" data-widget_type=\"button.default\">\n\t\t\t\t<div class=\"elementor-widget-container\">\n\t\t\t\t\t\t\t\t\t<div class=\"elementor-button-wrapper\">\n\t\t\t\t\t<a class=\"elementor-button elementor-button-link elementor-size-sm\" href=\"https:\/\/schmidt-bender.hu\/szerelt-optikak\/tervezesi-projektek\/\">\n\t\t\t\t\t\t<span class=\"elementor-button-content-wrapper\">\n\t\t\t\t\t\t\t\t\t<span class=\"elementor-button-text\">B\u0151vebb inform\u00e1ci\u00f3 &gt;&gt;<\/span>\n\t\t\t\t\t<\/span>\n\t\t\t\t\t<\/a>\n\t\t\t\t<\/div>\n\t\t\t\t\t\t\t\t<\/div>\n\t\t\t\t<\/div>\n\t\t\t\t<\/div>\n\t\t<div class=\"elementor-element elementor-element-06a2e88 e-con-full e-flex e-con e-child\" data-id=\"06a2e88\" data-element_type=\"container\">\n\t\t\t\t<div class=\"elementor-element elementor-element-da49da0 elementor-widget elementor-widget-heading\" data-id=\"da49da0\" data-element_type=\"widget\" data-widget_type=\"heading.default\">\n\t\t\t\t<div class=\"elementor-widget-container\">\n\t\t\t\t\t<h2 class=\"elementor-heading-title elementor-size-default\"><a href=\"https:\/\/schmidt-bender.hu\/szerelt-optikak\/vevoi-specifikaciok\/\">Vev\u0151i specifik\u00e1ci\u00f3k<\/a><\/h2>\t\t\t\t<\/div>\n\t\t\t\t<\/div>\n\t\t\t\t<div class=\"elementor-element elementor-element-1bca9df elementor-widget elementor-widget-image\" data-id=\"1bca9df\" data-element_type=\"widget\" data-widget_type=\"image.default\">\n\t\t\t\t<div class=\"elementor-widget-container\">\n\t\t\t\t\t\t\t\t\t\t\t\t\t\t\t\t<a href=\"https:\/\/schmidt-bender.hu\/szerelt-optikak\/vevoi-specifikaciok\/\">\n\t\t\t\t\t\t\t<img decoding=\"async\" width=\"800\" height=\"534\" data-src=\"https:\/\/schmidt-bender.hu\/wp-content\/uploads\/2024\/05\/Politur-1024x683.jpg\" class=\"elementor-animation-grow attachment-large size-large wp-image-1343 lazyload\" alt=\"Schmidt Bender Hung\u00e1ria Vev\u0151i specifik\u00e1ci\u00f3k\" data-srcset=\"https:\/\/schmidt-bender.hu\/wp-content\/uploads\/2024\/05\/Politur-1024x683.jpg 1024w, https:\/\/schmidt-bender.hu\/wp-content\/uploads\/2024\/05\/Politur-300x200.jpg 300w, https:\/\/schmidt-bender.hu\/wp-content\/uploads\/2024\/05\/Politur-768x512.jpg 768w, https:\/\/schmidt-bender.hu\/wp-content\/uploads\/2024\/05\/Politur-1536x1024.jpg 1536w, https:\/\/schmidt-bender.hu\/wp-content\/uploads\/2024\/05\/Politur.jpg 1920w\" data-sizes=\"(max-width: 800px) 100vw, 800px\" src=\"data:image\/gif;base64,R0lGODlhAQABAAAAACH5BAEKAAEALAAAAAABAAEAAAICTAEAOw==\" style=\"--smush-placeholder-width: 800px; --smush-placeholder-aspect-ratio: 800\/534;\" \/>\t\t\t\t\t\t\t\t<\/a>\n\t\t\t\t\t\t\t\t\t\t\t\t\t\t\t<\/div>\n\t\t\t\t<\/div>\n\t\t\t\t<div class=\"elementor-element elementor-element-89ef369 elementor-align-justify elementor-widget elementor-widget-button\" data-id=\"89ef369\" data-element_type=\"widget\" data-widget_type=\"button.default\">\n\t\t\t\t<div class=\"elementor-widget-container\">\n\t\t\t\t\t\t\t\t\t<div class=\"elementor-button-wrapper\">\n\t\t\t\t\t<a class=\"elementor-button elementor-button-link elementor-size-sm\" href=\"https:\/\/schmidt-bender.hu\/szerelt-optikak\/vevoi-specifikaciok\/\">\n\t\t\t\t\t\t<span class=\"elementor-button-content-wrapper\">\n\t\t\t\t\t\t\t\t\t<span class=\"elementor-button-text\">B\u0151vebb inform\u00e1ci\u00f3 &gt;&gt;<\/span>\n\t\t\t\t\t<\/span>\n\t\t\t\t\t<\/a>\n\t\t\t\t<\/div>\n\t\t\t\t\t\t\t\t<\/div>\n\t\t\t\t<\/div>\n\t\t\t\t<\/div>\n\t\t\t\t\t<\/div>\n\t\t\t\t<\/div>\n\t\t<div class=\"elementor-element elementor-element-da97282 e-flex e-con-boxed e-con e-parent\" data-id=\"da97282\" data-element_type=\"container\">\n\t\t\t\t\t<div class=\"e-con-inner\">\n\t\t<div class=\"elementor-element elementor-element-2ed783b e-con-full e-flex e-con e-child\" data-id=\"2ed783b\" data-element_type=\"container\">\n\t\t\t\t<\/div>\n\t\t<div class=\"elementor-element elementor-element-8fff9ef e-con-full e-flex e-con e-child\" data-id=\"8fff9ef\" data-element_type=\"container\">\n\t\t\t\t<div class=\"elementor-element elementor-element-f7e903b elementor-widget elementor-widget-heading\" data-id=\"f7e903b\" data-element_type=\"widget\" data-widget_type=\"heading.default\">\n\t\t\t\t<div class=\"elementor-widget-container\">\n\t\t\t\t\t<h2 class=\"elementor-heading-title elementor-size-default\"><a href=\"https:\/\/schmidt-bender.hu\/szerelt-optikak\/minosegbiztositas\/\">Min\u0151s\u00e9gir\u00e1ny\u00edt\u00e1s<\/a><\/h2>\t\t\t\t<\/div>\n\t\t\t\t<\/div>\n\t\t\t\t<div class=\"elementor-element elementor-element-87ff3f6 elementor-widget elementor-widget-image\" data-id=\"87ff3f6\" data-element_type=\"widget\" data-widget_type=\"image.default\">\n\t\t\t\t<div class=\"elementor-widget-container\">\n\t\t\t\t\t\t\t\t\t\t\t\t\t\t\t\t<a href=\"https:\/\/schmidt-bender.hu\/szerelt-optikak\/minosegbiztositas\/\">\n\t\t\t\t\t\t\t<img decoding=\"async\" width=\"683\" height=\"1024\" data-src=\"https:\/\/schmidt-bender.hu\/wp-content\/uploads\/2024\/04\/IMG_1949-683x1024.jpg\" class=\"elementor-animation-grow attachment-large size-large wp-image-852 lazyload\" alt=\"Schmidt Bender Hung\u00e1ria Optikai tervez\u00e9s\" data-srcset=\"https:\/\/schmidt-bender.hu\/wp-content\/uploads\/2024\/04\/IMG_1949-683x1024.jpg 683w, https:\/\/schmidt-bender.hu\/wp-content\/uploads\/2024\/04\/IMG_1949-200x300.jpg 200w, https:\/\/schmidt-bender.hu\/wp-content\/uploads\/2024\/04\/IMG_1949-768x1152.jpg 768w, https:\/\/schmidt-bender.hu\/wp-content\/uploads\/2024\/04\/IMG_1949-1024x1536.jpg 1024w, https:\/\/schmidt-bender.hu\/wp-content\/uploads\/2024\/04\/IMG_1949-1365x2048.jpg 1365w, https:\/\/schmidt-bender.hu\/wp-content\/uploads\/2024\/04\/IMG_1949-scaled.jpg 1707w\" data-sizes=\"(max-width: 683px) 100vw, 683px\" src=\"data:image\/gif;base64,R0lGODlhAQABAAAAACH5BAEKAAEALAAAAAABAAEAAAICTAEAOw==\" style=\"--smush-placeholder-width: 683px; --smush-placeholder-aspect-ratio: 683\/1024;\" \/>\t\t\t\t\t\t\t\t<\/a>\n\t\t\t\t\t\t\t\t\t\t\t\t\t\t\t<\/div>\n\t\t\t\t<\/div>\n\t\t\t\t<div class=\"elementor-element elementor-element-2682a4a elementor-align-justify elementor-widget elementor-widget-button\" data-id=\"2682a4a\" data-element_type=\"widget\" data-widget_type=\"button.default\">\n\t\t\t\t<div class=\"elementor-widget-container\">\n\t\t\t\t\t\t\t\t\t<div class=\"elementor-button-wrapper\">\n\t\t\t\t\t<a class=\"elementor-button elementor-button-link elementor-size-sm\" href=\"https:\/\/schmidt-bender.hu\/szerelt-optikak\/minosegbiztositas\/\">\n\t\t\t\t\t\t<span class=\"elementor-button-content-wrapper\">\n\t\t\t\t\t\t\t\t\t<span class=\"elementor-button-text\">B\u0151vebb inform\u00e1ci\u00f3 &gt;&gt;<\/span>\n\t\t\t\t\t<\/span>\n\t\t\t\t\t<\/a>\n\t\t\t\t<\/div>\n\t\t\t\t\t\t\t\t<\/div>\n\t\t\t\t<\/div>\n\t\t\t\t<\/div>\n\t\t<div class=\"elementor-element elementor-element-c75adcc e-con-full e-flex e-con e-child\" data-id=\"c75adcc\" data-element_type=\"container\">\n\t\t\t\t<\/div>\n\t\t\t\t\t<\/div>\n\t\t\t\t<\/div>\n\t\t\t\t<\/div>\n\t\t","protected":false},"excerpt":{"rendered":"<p>Szereld\u00e9nk \u00e1ltal lehet\u0151s\u00e9g\u00fcnk ny\u00edlt az optikai gy\u00e1rt\u00e1s tov\u00e1bbgondol\u00e1s\u00e1ra. Ipari, eg\u00e9szs\u00e9g\u00fcgyi, \u00e9s tudom\u00e1nyos felhaszn\u00e1l\u00e1sra szerel\u00fcnk \u00f6ssze optomechanikai berendez\u00e9seket, flow-line koncepci\u00f3j\u00fa m\u0171hely\u00fcnkben. K\u00e9pzett g\u00e9p\u00e9szm\u00e9rn\u00f6keink \u00e9s optikusaink elk\u00f6telezettek a prec\u00edz, min\u0151s\u00e9gi kivitelez\u00e9s mellett. Kapacit\u00e1sunk b\u0151v\u00edt\u00e9se \u00e9rdek\u00e9ben nemr\u00e9giben \u00faj, korszer\u0171 gy\u00e1rt\u00f3\u00fczemet nyitottunk Tenken. Az optikai elemet szak\u00e9rtelemmel illesztj\u00fck az \u00f6n \u00e1ltal k\u00e9rt berendez\u00e9sbe, fokozottan \u00fcgyelve a tisztas\u00e1gra, \u00e9s a [&hellip;]<\/p>\n","protected":false},"author":4,"featured_media":1141,"parent":0,"menu_order":0,"comment_status":"closed","ping_status":"closed","template":"","meta":{"footnotes":""},"class_list":["post-1875","page","type-page","status-publish","has-post-thumbnail","hentry"],"yoast_head":"<!-- This site is optimized with the Yoast SEO Premium plugin v22.5 (Yoast SEO v24.4) - https:\/\/yoast.com\/wordpress\/plugins\/seo\/ -->\n<title>Szerelt optik\u00e1k - Schmidt-Bender Hung\u00e1ria<\/title>\n<meta name=\"robots\" content=\"index, follow, max-snippet:-1, max-image-preview:large, max-video-preview:-1\" \/>\n<link rel=\"canonical\" href=\"https:\/\/schmidt-bender.hu\/en\/szerelt-optikak\/\" \/>\n<meta property=\"og:locale\" content=\"en_US\" \/>\n<meta property=\"og:type\" content=\"article\" \/>\n<meta property=\"og:title\" content=\"Szerelt optik\u00e1k\" \/>\n<meta property=\"og:description\" content=\"Szereld\u00e9nk \u00e1ltal lehet\u0151s\u00e9g\u00fcnk ny\u00edlt az optikai gy\u00e1rt\u00e1s tov\u00e1bbgondol\u00e1s\u00e1ra. Ipari, eg\u00e9szs\u00e9g\u00fcgyi, \u00e9s tudom\u00e1nyos felhaszn\u00e1l\u00e1sra szerel\u00fcnk \u00f6ssze optomechanikai berendez\u00e9seket, flow-line koncepci\u00f3j\u00fa m\u0171hely\u00fcnkben. K\u00e9pzett g\u00e9p\u00e9szm\u00e9rn\u00f6keink \u00e9s optikusaink elk\u00f6telezettek a prec\u00edz, min\u0151s\u00e9gi kivitelez\u00e9s mellett. Kapacit\u00e1sunk b\u0151v\u00edt\u00e9se \u00e9rdek\u00e9ben nemr\u00e9giben \u00faj, korszer\u0171 gy\u00e1rt\u00f3\u00fczemet nyitottunk Tenken. Az optikai elemet szak\u00e9rtelemmel illesztj\u00fck az \u00f6n \u00e1ltal k\u00e9rt berendez\u00e9sbe, fokozottan \u00fcgyelve a tisztas\u00e1gra, \u00e9s a [&hellip;]\" \/>\n<meta property=\"og:url\" content=\"https:\/\/schmidt-bender.hu\/en\/szerelt-optikak\/\" \/>\n<meta property=\"og:site_name\" content=\"Schmidt-Bender Hung\u00e1ria\" \/>\n<meta property=\"article:modified_time\" content=\"2025-02-06T08:23:15+00:00\" \/>\n<meta property=\"og:image\" content=\"https:\/\/schmidt-bender.hu\/wp-content\/uploads\/2024\/05\/szerelt_kiemelt.png\" \/>\n\t<meta property=\"og:image:width\" content=\"973\" \/>\n\t<meta property=\"og:image:height\" content=\"144\" \/>\n\t<meta property=\"og:image:type\" content=\"image\/png\" \/>\n<meta name=\"twitter:card\" content=\"summary_large_image\" \/>\n<meta name=\"twitter:label1\" content=\"Est. reading time\" \/>\n\t<meta name=\"twitter:data1\" content=\"2 minutes\" \/>\n<script type=\"application\/ld+json\" class=\"yoast-schema-graph\">{\"@context\":\"https:\/\/schema.org\",\"@graph\":[{\"@type\":\"WebPage\",\"@id\":\"https:\/\/schmidt-bender.hu\/en\/szerelt-optikak\/\",\"url\":\"https:\/\/schmidt-bender.hu\/en\/szerelt-optikak\/\",\"name\":\"Szerelt optik\u00e1k - Schmidt-Bender Hung\u00e1ria\",\"isPartOf\":{\"@id\":\"https:\/\/schmidt-bender.hu\/#website\"},\"primaryImageOfPage\":{\"@id\":\"https:\/\/schmidt-bender.hu\/en\/szerelt-optikak\/#primaryimage\"},\"image\":{\"@id\":\"https:\/\/schmidt-bender.hu\/en\/szerelt-optikak\/#primaryimage\"},\"thumbnailUrl\":\"https:\/\/schmidt-bender.hu\/wp-content\/uploads\/2024\/05\/szerelt_kiemelt.png\",\"datePublished\":\"2024-04-23T09:00:26+00:00\",\"dateModified\":\"2025-02-06T08:23:15+00:00\",\"inLanguage\":\"en-US\",\"potentialAction\":[{\"@type\":\"ReadAction\",\"target\":[\"https:\/\/schmidt-bender.hu\/en\/szerelt-optikak\/\"]}]},{\"@type\":\"ImageObject\",\"inLanguage\":\"en-US\",\"@id\":\"https:\/\/schmidt-bender.hu\/en\/szerelt-optikak\/#primaryimage\",\"url\":\"https:\/\/schmidt-bender.hu\/wp-content\/uploads\/2024\/05\/szerelt_kiemelt.png\",\"contentUrl\":\"https:\/\/schmidt-bender.hu\/wp-content\/uploads\/2024\/05\/szerelt_kiemelt.png\",\"width\":973,\"height\":144,\"caption\":\"Schmidt Bender Hung\u00e1ria Szerelt Optik\u00e1k\"},{\"@type\":\"WebSite\",\"@id\":\"https:\/\/schmidt-bender.hu\/#website\",\"url\":\"https:\/\/schmidt-bender.hu\/\",\"name\":\"Schmidt-Bender Hung\u00e1ria\",\"description\":\"C\u00e9lt\u00e1vcs\u00f6vek, optika \u00e9s sz\u00e1loptika\",\"publisher\":{\"@id\":\"https:\/\/schmidt-bender.hu\/#organization\"},\"potentialAction\":[{\"@type\":\"SearchAction\",\"target\":{\"@type\":\"EntryPoint\",\"urlTemplate\":\"https:\/\/schmidt-bender.hu\/?s={search_term_string}\"},\"query-input\":{\"@type\":\"PropertyValueSpecification\",\"valueRequired\":true,\"valueName\":\"search_term_string\"}}],\"inLanguage\":\"en-US\"},{\"@type\":\"Organization\",\"@id\":\"https:\/\/schmidt-bender.hu\/#organization\",\"name\":\"Schmidt-Bender Hung\u00e1ria\",\"url\":\"https:\/\/schmidt-bender.hu\/\",\"logo\":{\"@type\":\"ImageObject\",\"inLanguage\":\"en-US\",\"@id\":\"https:\/\/schmidt-bender.hu\/#\/schema\/logo\/image\/\",\"url\":\"https:\/\/schmidt-bender.hu\/wp-content\/uploads\/2024\/03\/header_logo.png\",\"contentUrl\":\"https:\/\/schmidt-bender.hu\/wp-content\/uploads\/2024\/03\/header_logo.png\",\"width\":202,\"height\":41,\"caption\":\"Schmidt-Bender Hung\u00e1ria\"},\"image\":{\"@id\":\"https:\/\/schmidt-bender.hu\/#\/schema\/logo\/image\/\"}}]}<\/script>\n<!-- \/ Yoast SEO Premium plugin. -->","yoast_head_json":{"title":"Szerelt optik\u00e1k - Schmidt-Bender Hung\u00e1ria","robots":{"index":"index","follow":"follow","max-snippet":"max-snippet:-1","max-image-preview":"max-image-preview:large","max-video-preview":"max-video-preview:-1"},"canonical":"https:\/\/schmidt-bender.hu\/en\/szerelt-optikak\/","og_locale":"en_US","og_type":"article","og_title":"Szerelt optik\u00e1k","og_description":"Szereld\u00e9nk \u00e1ltal lehet\u0151s\u00e9g\u00fcnk ny\u00edlt az optikai gy\u00e1rt\u00e1s tov\u00e1bbgondol\u00e1s\u00e1ra. Ipari, eg\u00e9szs\u00e9g\u00fcgyi, \u00e9s tudom\u00e1nyos felhaszn\u00e1l\u00e1sra szerel\u00fcnk \u00f6ssze optomechanikai berendez\u00e9seket, flow-line koncepci\u00f3j\u00fa m\u0171hely\u00fcnkben. K\u00e9pzett g\u00e9p\u00e9szm\u00e9rn\u00f6keink \u00e9s optikusaink elk\u00f6telezettek a prec\u00edz, min\u0151s\u00e9gi kivitelez\u00e9s mellett. Kapacit\u00e1sunk b\u0151v\u00edt\u00e9se \u00e9rdek\u00e9ben nemr\u00e9giben \u00faj, korszer\u0171 gy\u00e1rt\u00f3\u00fczemet nyitottunk Tenken. Az optikai elemet szak\u00e9rtelemmel illesztj\u00fck az \u00f6n \u00e1ltal k\u00e9rt berendez\u00e9sbe, fokozottan \u00fcgyelve a tisztas\u00e1gra, \u00e9s a [&hellip;]","og_url":"https:\/\/schmidt-bender.hu\/en\/szerelt-optikak\/","og_site_name":"Schmidt-Bender Hung\u00e1ria","article_modified_time":"2025-02-06T08:23:15+00:00","og_image":[{"width":973,"height":144,"url":"https:\/\/schmidt-bender.hu\/wp-content\/uploads\/2024\/05\/szerelt_kiemelt.png","type":"image\/png"}],"twitter_card":"summary_large_image","twitter_misc":{"Est. reading time":"2 minutes"},"schema":{"@context":"https:\/\/schema.org","@graph":[{"@type":"WebPage","@id":"https:\/\/schmidt-bender.hu\/en\/szerelt-optikak\/","url":"https:\/\/schmidt-bender.hu\/en\/szerelt-optikak\/","name":"Szerelt optik\u00e1k - Schmidt-Bender Hung\u00e1ria","isPartOf":{"@id":"https:\/\/schmidt-bender.hu\/#website"},"primaryImageOfPage":{"@id":"https:\/\/schmidt-bender.hu\/en\/szerelt-optikak\/#primaryimage"},"image":{"@id":"https:\/\/schmidt-bender.hu\/en\/szerelt-optikak\/#primaryimage"},"thumbnailUrl":"https:\/\/schmidt-bender.hu\/wp-content\/uploads\/2024\/05\/szerelt_kiemelt.png","datePublished":"2024-04-23T09:00:26+00:00","dateModified":"2025-02-06T08:23:15+00:00","inLanguage":"en-US","potentialAction":[{"@type":"ReadAction","target":["https:\/\/schmidt-bender.hu\/en\/szerelt-optikak\/"]}]},{"@type":"ImageObject","inLanguage":"en-US","@id":"https:\/\/schmidt-bender.hu\/en\/szerelt-optikak\/#primaryimage","url":"https:\/\/schmidt-bender.hu\/wp-content\/uploads\/2024\/05\/szerelt_kiemelt.png","contentUrl":"https:\/\/schmidt-bender.hu\/wp-content\/uploads\/2024\/05\/szerelt_kiemelt.png","width":973,"height":144,"caption":"Schmidt Bender Hung\u00e1ria Szerelt Optik\u00e1k"},{"@type":"WebSite","@id":"https:\/\/schmidt-bender.hu\/#website","url":"https:\/\/schmidt-bender.hu\/","name":"Schmidt-Bender Hung\u00e1ria","description":"C\u00e9lt\u00e1vcs\u00f6vek, optika \u00e9s sz\u00e1loptika","publisher":{"@id":"https:\/\/schmidt-bender.hu\/#organization"},"potentialAction":[{"@type":"SearchAction","target":{"@type":"EntryPoint","urlTemplate":"https:\/\/schmidt-bender.hu\/?s={search_term_string}"},"query-input":{"@type":"PropertyValueSpecification","valueRequired":true,"valueName":"search_term_string"}}],"inLanguage":"en-US"},{"@type":"Organization","@id":"https:\/\/schmidt-bender.hu\/#organization","name":"Schmidt-Bender Hung\u00e1ria","url":"https:\/\/schmidt-bender.hu\/","logo":{"@type":"ImageObject","inLanguage":"en-US","@id":"https:\/\/schmidt-bender.hu\/#\/schema\/logo\/image\/","url":"https:\/\/schmidt-bender.hu\/wp-content\/uploads\/2024\/03\/header_logo.png","contentUrl":"https:\/\/schmidt-bender.hu\/wp-content\/uploads\/2024\/03\/header_logo.png","width":202,"height":41,"caption":"Schmidt-Bender Hung\u00e1ria"},"image":{"@id":"https:\/\/schmidt-bender.hu\/#\/schema\/logo\/image\/"}}]}},"_links":{"self":[{"href":"https:\/\/schmidt-bender.hu\/en\/wp-json\/wp\/v2\/pages\/1875","targetHints":{"allow":["GET"]}}],"collection":[{"href":"https:\/\/schmidt-bender.hu\/en\/wp-json\/wp\/v2\/pages"}],"about":[{"href":"https:\/\/schmidt-bender.hu\/en\/wp-json\/wp\/v2\/types\/page"}],"author":[{"embeddable":true,"href":"https:\/\/schmidt-bender.hu\/en\/wp-json\/wp\/v2\/users\/4"}],"replies":[{"embeddable":true,"href":"https:\/\/schmidt-bender.hu\/en\/wp-json\/wp\/v2\/comments?post=1875"}],"version-history":[{"count":12,"href":"https:\/\/schmidt-bender.hu\/en\/wp-json\/wp\/v2\/pages\/1875\/revisions"}],"predecessor-version":[{"id":2852,"href":"https:\/\/schmidt-bender.hu\/en\/wp-json\/wp\/v2\/pages\/1875\/revisions\/2852"}],"wp:featuredmedia":[{"embeddable":true,"href":"https:\/\/schmidt-bender.hu\/en\/wp-json\/wp\/v2\/media\/1141"}],"wp:attachment":[{"href":"https:\/\/schmidt-bender.hu\/en\/wp-json\/wp\/v2\/media?parent=1875"}],"curies":[{"name":"wp","href":"https:\/\/api.w.org\/{rel}","templated":true}]}}